{"id":2800,"date":"2020-03-20T15:35:16","date_gmt":"2020-03-20T14:35:16","guid":{"rendered":"https:\/\/www.vidalenc.com\/mentions-legales\/"},"modified":"2020-07-01T16:12:43","modified_gmt":"2020-07-01T14:12:43","slug":"mentions-legales","status":"publish","type":"page","link":"https:\/\/www.vidalenc.com\/ru\/mentions-legales\/","title":{"rendered":"\u041f\u0440\u0430\u0432\u043e\u0432\u043e\u0435 \u0443\u0432\u0435\u0434\u043e\u043c\u043b\u0435\u043d\u0438\u0435"},"content":{"rendered":"<p>Nom du site : www.vidalenc.com<br \/>\nSite Internet de VIDALENC ARCHITECTES<br \/>\nR\u00e9alisation : <a href=\"https:\/\/www.benwrobel.com\/\" target=\"_blank\" rel=\"noopener noreferrer\">Ben Wrobel Design<\/a> &#038; <a href=\"https:\/\/www.krabb.fr\" target=\"_blank\" rel=\"noopener noreferrer\">Studio Krabb<\/a><br \/>\nDirecteur de Publication : Thomas Vidalenc<br \/>\nRaison sociale :<br \/>\nVIDALENC ARCHITECTES<br \/>\n21 rue de Longchamp &#8212; 75116 Paris &#8212; France<br \/>\nT\u00e9l. : +33 1 44 43 03 03<\/p>\n<p>Droit d\u2019auteur et copyright :<br \/>\nL\u2019ensemble de ce site Internet rel\u00e8ve de la l\u00e9gislation fran\u00e7aise et internationale sur le droit d\u2019auteur et la propri\u00e9t\u00e9 intellectuelle. Tous les droits de reproduction sont r\u00e9serv\u00e9s, y compris pour les documents t\u00e9l\u00e9chargeables et les repr\u00e9sentations iconographiques et photographiques.<br \/>\nLa reproduction de tout ou partie de ce site est formellement interdite sauf autorisation expresse du directeur de la publication.<br \/>\nLe site Internet de VIDALENC ARCHITECTES, dans la totalit\u00e9 de ses composantes (textes, \u00e9l\u00e9ments graphiques, photos) constitue une \u0153uvre prot\u00e9g\u00e9e en France par le Code de la Propri\u00e9t\u00e9 Intellectuelle, et \u00e0 l\u2019\u00e9tranger par les conventions internationales en vigueur sur le droit d\u2019auteur.<\/p>\n<p>Cr\u00e9dits photographiques :<br \/>\nVIDALENC ARCHITECTES<br \/>\nDidier BOY de la TOUR<br \/>\nChristophe CAMUS<br \/>\nDidier DELMAS<br \/>\nVincent KNAPP<br \/>\nGuillaume de LAUBIER<br \/>\nTom VACK<\/p>\n<p>Liens hypertextes :<br \/>\nTout site public ou priv\u00e9 sera autoris\u00e9 \u00e0 \u00e9tablir des liens vers les pages du site www.vidalenc.com apr\u00e8s autorisation pr\u00e9alable du directeur de la publication.<br \/>\nLes pages du site www.vidalenc.com ne devront pas \u00eatre imbriqu\u00e9es \u00e0 l\u2019int\u00e9rieur des pages d\u2019un autre site. Elles devront \u00eatre affich\u00e9es dans une nouvelle fen\u00eatre.<br \/>\nVIDALENC ARCHITECTES d\u00e9cline toute responsabilit\u00e9 quant aux sites Internet poss\u00e9dant un lien vers celui de VIDALENC ARCHITECTES.<br \/>\nCe site peut contenir des liens vers d\u2019autres sites Internet, VIDALENC ARCHITECTES n\u2019assume aucune responsabilit\u00e9 sur le contenu des sites autres que ceux faisant partie du domaine www.vidalenc.com.<\/p>\n","protected":false},"excerpt":{"rendered":"<p>Nom du site : www.vidalenc.com Site Internet de VIDALENC ARCHITECTES R\u00e9alisation : Ben Wrobel Design &#038; Studio Krabb Directeur de Publication : Thomas Vidalenc Raison sociale : VIDALENC ARCHITECTES 21 rue de Longchamp &#8212; 75116 Paris &#8212; France T\u00e9l. : +33 1 44 43 03 03 Droit d\u2019auteur et copyright : L\u2019ensemble de ce site\u2026<\/p>\n","protected":false},"author":1,"featured_media":0,"parent":0,"menu_order":0,"comment_status":"closed","ping_status":"open","template":"","meta":{"_acf_changed":false,"footnotes":""},"class_list":["post-2800","page","type-page","status-publish","hentry"],"acf":[],"yoast_head":"<!-- This site is optimized with the Yoast SEO plugin v27.4 - https:\/\/yoast.com\/product\/yoast-seo-wordpress\/ -->\n<title>\u041f\u0440\u0430\u0432\u043e\u0432\u043e\u0435 \u0443\u0432\u0435\u0434\u043e\u043c\u043b\u0435\u043d\u0438\u0435 &#8212; Vidalenc Architectes<\/title>\n<meta name=\"robots\" content=\"index, follow, max-snippet:-1, max-image-preview:large, max-video-preview:-1\" \/>\n<link rel=\"canonical\" href=\"https:\/\/www.vidalenc.com\/ru\/mentions-legales\/\" \/>\n<meta property=\"og:locale\" content=\"ru_RU\" \/>\n<meta property=\"og:type\" content=\"article\" \/>\n<meta property=\"og:title\" content=\"\u041f\u0440\u0430\u0432\u043e\u0432\u043e\u0435 \u0443\u0432\u0435\u0434\u043e\u043c\u043b\u0435\u043d\u0438\u0435 &#8212; Vidalenc Architectes\" \/>\n<meta property=\"og:description\" content=\"Nom du site : www.vidalenc.com Site Internet de VIDALENC ARCHITECTES R\u00e9alisation : Ben Wrobel Design &#038; Studio Krabb Directeur de Publication : Thomas Vidalenc Raison sociale : VIDALENC ARCHITECTES 21 rue de Longchamp &#8212; 75116 Paris &#8212; France T\u00e9l. : +33 1 44 43 03 03 Droit d\u2019auteur et copyright : L\u2019ensemble de ce site\u2026\" \/>\n<meta property=\"og:url\" content=\"https:\/\/www.vidalenc.com\/ru\/mentions-legales\/\" \/>\n<meta property=\"og:site_name\" content=\"Vidalenc Architectes\" \/>\n<meta property=\"article:modified_time\" content=\"2020-07-01T14:12:43+00:00\" \/>\n<meta name=\"twitter:card\" content=\"summary_large_image\" \/>\n<meta name=\"twitter:label1\" content=\"\u041f\u0440\u0438\u043c\u0435\u0440\u043d\u043e\u0435 \u0432\u0440\u0435\u043c\u044f \u0434\u043b\u044f \u0447\u0442\u0435\u043d\u0438\u044f\" \/>\n\t<meta name=\"twitter:data1\" content=\"1 \u043c\u0438\u043d\u0443\u0442\u0430\" \/>\n<script type=\"application\/ld+json\" class=\"yoast-schema-graph\">{\"@context\":\"https:\\\/\\\/schema.org\",\"@graph\":[{\"@type\":\"WebPage\",\"@id\":\"https:\\\/\\\/www.vidalenc.com\\\/ru\\\/mentions-legales\\\/\",\"url\":\"https:\\\/\\\/www.vidalenc.com\\\/ru\\\/mentions-legales\\\/\",\"name\":\"\u041f\u0440\u0430\u0432\u043e\u0432\u043e\u0435 \u0443\u0432\u0435\u0434\u043e\u043c\u043b\u0435\u043d\u0438\u0435 &#8212; Vidalenc Architectes\",\"isPartOf\":{\"@id\":\"https:\\\/\\\/www.vidalenc.com\\\/ru\\\/#website\"},\"datePublished\":\"2020-03-20T14:35:16+00:00\",\"dateModified\":\"2020-07-01T14:12:43+00:00\",\"inLanguage\":\"ru-RU\",\"potentialAction\":[{\"@type\":\"ReadAction\",\"target\":[\"https:\\\/\\\/www.vidalenc.com\\\/ru\\\/mentions-legales\\\/\"]}]},{\"@type\":\"WebSite\",\"@id\":\"https:\\\/\\\/www.vidalenc.com\\\/ru\\\/#website\",\"url\":\"https:\\\/\\\/www.vidalenc.com\\\/ru\\\/\",\"name\":\"Vidalenc Architectes\",\"description\":\"Depuis 2002, l\u2019agence Vidalenc Architectes s\u2019est consacr\u00e9e \u00e0 l\u2019\u00e9tude et \u00e0 l\u2019ex\u00e9cution de pr\u00e8s de deux cents projets, dans des secteurs aussi vari\u00e9s que l\u2019habitat collectif ou individuel, l\u2019h\u00f4tellerie, la restauration, le tertiaire, et tant en restructuration lourde de b\u00e2timents existants qu\u2019en construction.\",\"potentialAction\":[{\"@type\":\"SearchAction\",\"target\":{\"@type\":\"EntryPoint\",\"urlTemplate\":\"https:\\\/\\\/www.vidalenc.com\\\/ru\\\/?s={search_term_string}\"},\"query-input\":{\"@type\":\"PropertyValueSpecification\",\"valueRequired\":true,\"valueName\":\"search_term_string\"}}],\"inLanguage\":\"ru-RU\"}]}<\/script>\n<!-- \/ Yoast SEO plugin. -->","yoast_head_json":{"title":"\u041f\u0440\u0430\u0432\u043e\u0432\u043e\u0435 \u0443\u0432\u0435\u0434\u043e\u043c\u043b\u0435\u043d\u0438\u0435 &#8212; Vidalenc Architectes","robots":{"index":"index","follow":"follow","max-snippet":"max-snippet:-1","max-image-preview":"max-image-preview:large","max-video-preview":"max-video-preview:-1"},"canonical":"https:\/\/www.vidalenc.com\/ru\/mentions-legales\/","og_locale":"ru_RU","og_type":"article","og_title":"\u041f\u0440\u0430\u0432\u043e\u0432\u043e\u0435 \u0443\u0432\u0435\u0434\u043e\u043c\u043b\u0435\u043d\u0438\u0435 &#8212; Vidalenc Architectes","og_description":"Nom du site : www.vidalenc.com Site Internet de VIDALENC ARCHITECTES R\u00e9alisation : Ben Wrobel Design &#038; Studio Krabb Directeur de Publication : Thomas Vidalenc Raison sociale : VIDALENC ARCHITECTES 21 rue de Longchamp &#8212; 75116 Paris &#8212; France T\u00e9l. : +33 1 44 43 03 03 Droit d\u2019auteur et copyright : L\u2019ensemble de ce site\u2026","og_url":"https:\/\/www.vidalenc.com\/ru\/mentions-legales\/","og_site_name":"Vidalenc Architectes","article_modified_time":"2020-07-01T14:12:43+00:00","twitter_card":"summary_large_image","twitter_misc":{"\u041f\u0440\u0438\u043c\u0435\u0440\u043d\u043e\u0435 \u0432\u0440\u0435\u043c\u044f \u0434\u043b\u044f \u0447\u0442\u0435\u043d\u0438\u044f":"1 \u043c\u0438\u043d\u0443\u0442\u0430"},"schema":{"@context":"https:\/\/schema.org","@graph":[{"@type":"WebPage","@id":"https:\/\/www.vidalenc.com\/ru\/mentions-legales\/","url":"https:\/\/www.vidalenc.com\/ru\/mentions-legales\/","name":"\u041f\u0440\u0430\u0432\u043e\u0432\u043e\u0435 \u0443\u0432\u0435\u0434\u043e\u043c\u043b\u0435\u043d\u0438\u0435 &#8212; Vidalenc Architectes","isPartOf":{"@id":"https:\/\/www.vidalenc.com\/ru\/#website"},"datePublished":"2020-03-20T14:35:16+00:00","dateModified":"2020-07-01T14:12:43+00:00","inLanguage":"ru-RU","potentialAction":[{"@type":"ReadAction","target":["https:\/\/www.vidalenc.com\/ru\/mentions-legales\/"]}]},{"@type":"WebSite","@id":"https:\/\/www.vidalenc.com\/ru\/#website","url":"https:\/\/www.vidalenc.com\/ru\/","name":"Vidalenc Architectes","description":"Depuis 2002, l\u2019agence Vidalenc Architectes s\u2019est consacr\u00e9e \u00e0 l\u2019\u00e9tude et \u00e0 l\u2019ex\u00e9cution de pr\u00e8s de deux cents projets, dans des secteurs aussi vari\u00e9s que l\u2019habitat collectif ou individuel, l\u2019h\u00f4tellerie, la restauration, le tertiaire, et tant en restructuration lourde de b\u00e2timents existants qu\u2019en construction.","potentialAction":[{"@type":"SearchAction","target":{"@type":"EntryPoint","urlTemplate":"https:\/\/www.vidalenc.com\/ru\/?s={search_term_string}"},"query-input":{"@type":"PropertyValueSpecification","valueRequired":true,"valueName":"search_term_string"}}],"inLanguage":"ru-RU"}]}},"_links":{"self":[{"href":"https:\/\/www.vidalenc.com\/ru\/wp-json\/wp\/v2\/pages\/2800","targetHints":{"allow":["GET"]}}],"collection":[{"href":"https:\/\/www.vidalenc.com\/ru\/wp-json\/wp\/v2\/pages"}],"about":[{"href":"https:\/\/www.vidalenc.com\/ru\/wp-json\/wp\/v2\/types\/page"}],"author":[{"embeddable":true,"href":"https:\/\/www.vidalenc.com\/ru\/wp-json\/wp\/v2\/users\/1"}],"replies":[{"embeddable":true,"href":"https:\/\/www.vidalenc.com\/ru\/wp-json\/wp\/v2\/comments?post=2800"}],"version-history":[{"count":1,"href":"https:\/\/www.vidalenc.com\/ru\/wp-json\/wp\/v2\/pages\/2800\/revisions"}],"predecessor-version":[{"id":2802,"href":"https:\/\/www.vidalenc.com\/ru\/wp-json\/wp\/v2\/pages\/2800\/revisions\/2802"}],"wp:attachment":[{"href":"https:\/\/www.vidalenc.com\/ru\/wp-json\/wp\/v2\/media?parent=2800"}],"curies":[{"name":"wp","href":"https:\/\/api.w.org\/{rel}","templated":true}]}}